{"id":65,"date":"2021-12-21T10:50:33","date_gmt":"2021-12-21T10:50:33","guid":{"rendered":"https:\/\/cors.acosof.fr\/?page_id=65"},"modified":"2024-10-22T20:40:42","modified_gmt":"2024-10-22T20:40:42","slug":"les-musiciens","status":"publish","type":"page","link":"https:\/\/www.corsaccords.fr\/?page_id=65","title":{"rendered":"Les musiciens"},"content":{"rendered":"<h5>L&#8217;ensemble Cors Accords \u00e9volue de fa\u00e7on g\u00e9n\u00e9rale en quatuor (4 musiciens) pour vos manifestations.<\/h5>\n<h5>Vous trouverez dans cette page, la pr\u00e9sentation de plusieurs musiciens qui assurent les prestations de l&#8217;ensemble.<\/h5>\n<hr \/>\n<p>Jean-Bernard LEFEBVRE est actuellement corniste \u00e0 la musique de la garde r\u00e9publicaine, membre de l&#8217;orchestre de cuivres de Paris et de l&#8217;ensemble de cors d&#8217;\u00eele de France.<\/p>\n<p>Thierry PONSTON est membre de l&#8217;orchestre d&#8217;Orl\u00e9ans et du quintette de cuivres tub&#8217;a 5.<\/p>\n<p>Baptiste PONSTON, jeune musicien jouant le cor des Alpes. Musicien percussionniste, il joue du cor en autodidacte.<\/p>\n<p>Guy EVRA joue au sein de plusieurs orchestres sur Paris et sa banlieue.<\/p>\n<p>J\u00e9r\u00e9my LEBECQ joue dans plusieurs types de formation: Big\u00a0 Band, Orchestre dixieland, Orchestre d&#8217;harmonie et Symphonique.<\/p>\n<p><em>Florent ROBERT est d\u00e9c\u00e9d\u00e9 brutalement le 14 juillet 2024. Il enseignait le cor des Alpes au conservatoire de St-Quentin. C&#8217;\u00e9tait un musicien professionnel, et il jouait au sein de divers orchestres.<\/em><\/p>\n<p>Alexandre JOUS est freelance, perform\u00e9 et soliste international on le retrouve partout ou l&#8217;on ne s&#8217;y attend pas !<\/p>\n<figure class=\"gallery-item\"><a href=\"https:\/\/www.corsaccords.fr\/wp-content\/uploads\/2021\/12\/musicien1.jpg\" data-elementor-open-lightbox=\"yes\" data-elementor-lightbox-slideshow=\"3dd8f5e\" data-elementor-lightbox-title=\"musicien1\" data-e-action-hash=\"#elementor-action%3Aaction%3Dlightbox%26settings%3DeyJpZCI6MTg3LCJ1cmwiOiJodHRwczpcL1wvd3d3LmNvcnNhY2NvcmRzLmZyXC93cC1jb250ZW50XC91cGxvYWRzXC8yMDIxXC8xMlwvbXVzaWNpZW4xLmpwZyIsInNsaWRlc2hvdyI6IjNkZDhmNWUifQ%3D%3D\"><img loading=\"lazy\" decoding=\"async\" src=\"https:\/\/www.corsaccords.fr\/wp-content\/uploads\/2021\/12\/musicien1.jpg\" alt=\"\" width=\"136\" height=\"207\" aria-describedby=\"gallery-3-187\" \/><\/a>\n<figcaption id=\"gallery-3-187\" class=\"wp-caption-text gallery-caption\">Jean-Bernard LEFEBVRE N\u00e9 en 1972, il fit ses \u00e9tudes de cor \u00e0 Cambrai et \u00e0 Valenciennes. Il poursuivit sur Paris au conservatoire du 19\u00e9me arrondissement et obtient un dipl\u00f4me d\u2019\u00e9tudes musicales au conservatoire de Gennevilliers puis son 1er prix d\u2019excellence. Actuellemment, il est corniste \u00e0 la musique de la garde r\u00e9publicaine, membre de l\u2019orchestre de cuivres de Paris et de l\u2019ensemble de cors d\u2019\u00eele de France. Il est \u00e9galement membre du quintette de cuivres et orgue \u201cQuintessence\u201d.<\/figcaption>\n<\/figure>\n<figure class=\"gallery-item\"><a href=\"https:\/\/www.corsaccords.fr\/wp-content\/uploads\/2021\/12\/musicien2-1.jpg\" data-elementor-open-lightbox=\"yes\" data-elementor-lightbox-slideshow=\"3dd8f5e\" data-elementor-lightbox-title=\"musicien2\" data-e-action-hash=\"#elementor-action%3Aaction%3Dlightbox%26settings%3DeyJpZCI6MjExLCJ1cmwiOiJodHRwczpcL1wvd3d3LmNvcnNhY2NvcmRzLmZyXC93cC1jb250ZW50XC91cGxvYWRzXC8yMDIxXC8xMlwvbXVzaWNpZW4yLTEuanBnIiwic2xpZGVzaG93IjoiM2RkOGY1ZSJ9\"><img loading=\"lazy\" decoding=\"async\" src=\"https:\/\/www.corsaccords.fr\/wp-content\/uploads\/2021\/12\/musicien2-1.jpg\" alt=\"\" width=\"150\" height=\"239\" aria-describedby=\"gallery-3-211\" \/><\/a>\n<figcaption id=\"gallery-3-211\" class=\"wp-caption-text gallery-caption\">Thierry PONSTON N\u00e9 en 1962 \u00e0 Orl\u00e9ans (45), il f\u00eet des \u00e9tudes de gestion et suit parall\u00e8lement ses \u00e9tudes musicales au conservatoire d\u2019Orl\u00e9ans o\u00f9 il obtient un 1er prix de cor en 1984. Il poursuivit ses \u00e9tudes musicales au conservatoire du X\u00e8 arrondissement de Paris o\u00f9 il obtient le prix de la ville de Paris. Musicien professionnel, il effectue divers remplacements dans les orchestres (orchestre National de France, orchestre r\u00e9gional du limousin\u2026). Il est membre de l\u2019orchestre d\u2019Orl\u00e9ans et du quintette de cuivres tub\u2019a 5. Dipl\u00f4m\u00e9 d\u2019\u00e9tat et titulaire du CA de cor, il enseigne le cor au conservatoire de Fleury-les-Aubrais depuis 1982, et est directeur du conservatoire \u00e0 rayonnnement communal de Fleury-les-Aubrais<\/figcaption>\n<\/figure>\n<figure class=\"gallery-item\"><br \/>\n<figcaption id=\"gallery-3-212\" class=\"wp-caption-text gallery-caption\">Baptiste PONSTON, n\u00e9 en 1997 \u00e0 Orl\u00e9ans (45), il f\u00eet des \u00e9tudes de conduite de travaux dans le b\u00e2timent et obtient un master 2 de directeur de travaux. Actuellement il se lance dans l&#8217;immobilier. Passionn\u00e9 par la musique, il \u00e9tudie la percussion depuis l&#8217;\u00e2ge de 5 ans et obtient son certificat d&#8217;\u00e9tudes musicales au conservatoire d&#8217;Orl\u00e9ans. Il a particip\u00e9 \u00e0 des stages musicaux avec des grands solistes et s&#8217;est passionn\u00e9 pour le cor. Actuellement il joue du cor des alpes.<\/figcaption>\n<\/figure>\n<figure class=\"gallery-item\"><a href=\"https:\/\/www.corsaccords.fr\/wp-content\/uploads\/2021\/12\/musicien4-1.jpg\" data-elementor-open-lightbox=\"yes\" data-elementor-lightbox-slideshow=\"3dd8f5e\" data-elementor-lightbox-title=\"musicien4\" data-e-action-hash=\"#elementor-action%3Aaction%3Dlightbox%26settings%3DeyJpZCI6MjEzLCJ1cmwiOiJodHRwczpcL1wvd3d3LmNvcnNhY2NvcmRzLmZyXC93cC1jb250ZW50XC91cGxvYWRzXC8yMDIxXC8xMlwvbXVzaWNpZW40LTEuanBnIiwic2xpZGVzaG93IjoiM2RkOGY1ZSJ9\"><img loading=\"lazy\" decoding=\"async\" src=\"https:\/\/www.corsaccords.fr\/wp-content\/uploads\/2021\/12\/musicien4-1.jpg\" alt=\"\" width=\"110\" height=\"163\" aria-describedby=\"gallery-3-213\" \/><\/a>\n<figcaption id=\"gallery-3-213\" class=\"wp-caption-text gallery-caption\">Alexandre JOUS N\u00e9 en 1984 \u00e0 Cambrai, il fait ses \u00e9tudes musicales \u00e0 maubeauge, Valenciennes, Douai, Metz, Nancy et Gennevilliers. En 2008, c\u2019est le premier \u201cnon suisse\u201d a \u00eatre laur\u00e9at du 1er prix au concours international de cor des Alpes de Nendaz (suisse). performance r\u00e9it\u00e9r\u00e9e en 2009. Freelancer, performer et soliste international on le retrouve partout ou l\u2019on ne s\u2019y attend pas! Il est \u00e9galement directeur invit\u00e9 \u00e0 l\u2019acad\u00e9mie suisse de cor des Alpes de Montreux depuis f\u00e9vrier 2002.<\/figcaption>\n<\/figure>\n<figure class=\"gallery-item\"><a href=\"https:\/\/www.corsaccords.fr\/wp-content\/uploads\/2021\/12\/musicien5-1.jpg\" data-elementor-open-lightbox=\"yes\" data-elementor-lightbox-slideshow=\"3dd8f5e\" data-elementor-lightbox-title=\"musicien5\" data-e-action-hash=\"#elementor-action%3Aaction%3Dlightbox%26settings%3DeyJpZCI6MjE0LCJ1cmwiOiJodHRwczpcL1wvd3d3LmNvcnNhY2NvcmRzLmZyXC93cC1jb250ZW50XC91cGxvYWRzXC8yMDIxXC8xMlwvbXVzaWNpZW41LTEuanBnIiwic2xpZGVzaG93IjoiM2RkOGY1ZSJ9\"><img loading=\"lazy\" decoding=\"async\" src=\"https:\/\/www.corsaccords.fr\/wp-content\/uploads\/2021\/12\/musicien5-1.jpg\" alt=\"\" width=\"145\" height=\"174\" aria-describedby=\"gallery-3-214\" \/><\/a>\n<figcaption id=\"gallery-3-214\" class=\"wp-caption-text gallery-caption\">J\u00e9r\u00e9my LEBECQ N\u00e9 en 1980, il f\u00eet ses \u00e9tudes de musique \u00e0 Avesnes sur Helpe, Valenciennes, Douai et Gennevilliers. Il arrive \u00e0 Paris pour int\u00e9grer la Batterie Fanfare de la musique de la Gendarmerie Mobile en 2003, et depuis 2007, est musicien au sein de la Batterie Fanfare de la Musique de la Garde R\u00e9publicaine. Il joue dans plusieurs types de formation: Big Band, Orchestre dixieland, Orchestre d\u2019harmonie et Symphonique.<\/figcaption>\n<\/figure>\n<figure class=\"gallery-item\"><a href=\"https:\/\/www.corsaccords.fr\/wp-content\/uploads\/2021\/12\/musicien6-1.jpg\" data-elementor-open-lightbox=\"yes\" data-elementor-lightbox-slideshow=\"3dd8f5e\" data-elementor-lightbox-title=\"musicien6\" data-e-action-hash=\"#elementor-action%3Aaction%3Dlightbox%26settings%3DeyJpZCI6MjE1LCJ1cmwiOiJodHRwczpcL1wvd3d3LmNvcnNhY2NvcmRzLmZyXC93cC1jb250ZW50XC91cGxvYWRzXC8yMDIxXC8xMlwvbXVzaWNpZW42LTEuanBnIiwic2xpZGVzaG93IjoiM2RkOGY1ZSJ9\"><img loading=\"lazy\" decoding=\"async\" src=\"https:\/\/www.corsaccords.fr\/wp-content\/uploads\/2021\/12\/musicien6-1.jpg\" alt=\"\" width=\"133\" height=\"183\" aria-describedby=\"gallery-3-215\" \/><\/a>\n<figcaption id=\"gallery-3-215\" class=\"wp-caption-text gallery-caption\">Guy EVRA N\u00e9 en 1972 \u00e0 Bobigny, il fit ses \u00e9tudes de cor \u00e0 CNR d\u2019Aubervilliers (93) ou il obtient un 1er prix. Puis au CSP-CNR de Paris , il obtient \u00e9galement un 1er prix. Actuellement, il est corniste \u00e0 la batterie-fanfare de la musique des gardiens de la Paix de Paris. Il joue au sein de plusieurs orchestres sur Paris et sa banlieue.<br \/><br \/><a href=\"https:\/\/www.corsaccords.fr\/wp-content\/uploads\/2021\/12\/musicien3-1.jpg\" data-elementor-open-lightbox=\"yes\" data-elementor-lightbox-slideshow=\"3dd8f5e\" data-elementor-lightbox-title=\"musicien3\" data-e-action-hash=\"#elementor-action%3Aaction%3Dlightbox%26settings%3DeyJpZCI6MjEyLCJ1cmwiOiJodHRwczpcL1wvd3d3LmNvcnNhY2NvcmRzLmZyXC93cC1jb250ZW50XC91cGxvYWRzXC8yMDIxXC8xMlwvbXVzaWNpZW4zLTEuanBnIiwic2xpZGVzaG93IjoiM2RkOGY1ZSJ9\"><img loading=\"lazy\" decoding=\"async\" src=\"https:\/\/www.corsaccords.fr\/wp-content\/uploads\/2021\/12\/musicien3-1.jpg\" alt=\"\" width=\"137\" height=\"202\" aria-describedby=\"gallery-3-212\" \/><em>Musicien de l&#8217;ensemble d\u00e9c\u00e9d\u00e9 brutalement le 14 juillet 2024<\/em><\/a><br \/>\n<figure class=\"gallery-item\">\n<figcaption id=\"gallery-3-212\" class=\"wp-caption-text gallery-caption\">Florent ROBERT \u00e9tait N\u00e9 en 1968 \u00e0 Limoges (87), il a fait des \u00e9tudes g\u00e9n\u00e9rales et des \u00e9tudes musicales au conservatoire d\u2019Orl\u00e9ans o\u00f9 il a obtenu un 1er prix en 1989. Poursuivant ses \u00e9tudes musicales au conservatoire de Ville d\u2019Avray, il a obtenu une m\u00e9daille d\u2019or en 1991. En 1993, il a \u00e9t\u00e9 laur\u00e9at du conservatoire sup\u00e9rieur de musique de Paris o\u00f9 il a obtenu un prix de musique de chambre. Dipl\u00f4m\u00e9 d\u2019\u00e9tat, il a enseign\u00e9 le cor \u00e0 Blois et \u00e0 Saint-Quentin. Merci \u00e0 Florent qui a \u00e9t\u00e9 \u00e0 l&#8217;origine de l&#8217;ensemble Cors Accords. Nous aurons toujours une pens\u00e9e pour lui.<\/figcaption>\n<\/figure>\n<figure class=\"gallery-item\"><\/figure>\n<\/figcaption>\n<\/figure>\n\n\n<p><\/p>\n","protected":false},"excerpt":{"rendered":"<p>L&#8217;ensemble Cors Accords \u00e9volue de fa\u00e7on g\u00e9n\u00e9rale en quatuor (4 musiciens) pour vos manifestations. Vous trouverez dans cette page, la pr\u00e9sentation de plusieurs musiciens qui assurent les prestations de l&#8217;ensemble. Jean-Bernard LEFEBVRE est actuellement corniste \u00e0 la musique de la garde r\u00e9publicaine, membre de l&#8217;orchestre de cuivres de Paris et de l&#8217;ensemble de cors d&#8217;\u00eele de France. Thierry PONSTON est membre de l&#8217;orchestre d&#8217;Orl\u00e9ans et du quintette de cuivres tub&#8217;a 5. Baptiste PONSTON, jeune musicien jouant le cor des Alpes. Musicien percussionniste, il joue du cor en autodidacte. Guy EVRA joue au sein de plusieurs orchestres sur Paris et sa banlieue. J\u00e9r\u00e9my LEBECQ joue dans plusieurs types de formation: Big\u00a0 Band, Orchestre dixieland, Orchestre d&#8217;harmonie et Symphonique. Florent ROBERT est d\u00e9c\u00e9d\u00e9 brutalement le 14 juillet 2024. Il enseignait le cor des Alpes au conservatoire de St-Quentin. C&#8217;\u00e9tait un musicien professionnel, et il jouait au sein de divers orchestres. Alexandre JOUS est freelance, perform\u00e9 et soliste international on le retrouve partout ou l&#8217;on ne s&#8217;y attend pas ! Jean-Bernard LEFEBVRE N\u00e9 en 1972, il fit ses \u00e9tudes de cor \u00e0 Cambrai et \u00e0 Valenciennes. Il poursuivit sur Paris au conservatoire du 19\u00e9me arrondissement et obtient un dipl\u00f4me d\u2019\u00e9tudes musicales au conservatoire de Gennevilliers puis son 1er prix d\u2019excellence. Actuellemment, il est corniste \u00e0 la musique de la garde r\u00e9publicaine, membre de l\u2019orchestre de cuivres de Paris et de l\u2019ensemble de cors d\u2019\u00eele de France. Il est \u00e9galement membre du quintette de cuivres et orgue \u201cQuintessence\u201d. Thierry PONSTON N\u00e9 en 1962 \u00e0 Orl\u00e9ans (45), il f\u00eet des \u00e9tudes de gestion et suit parall\u00e8lement ses \u00e9tudes musicales au conservatoire d\u2019Orl\u00e9ans o\u00f9 il obtient un 1er prix de cor en 1984. Il poursuivit ses \u00e9tudes musicales au conservatoire du X\u00e8 arrondissement de Paris o\u00f9 il obtient le prix de la ville de Paris. Musicien professionnel, il effectue divers remplacements dans les orchestres (orchestre National de France, orchestre r\u00e9gional du limousin\u2026). Il est membre de l\u2019orchestre d\u2019Orl\u00e9ans et du quintette de cuivres tub\u2019a 5. Dipl\u00f4m\u00e9 d\u2019\u00e9tat et titulaire du CA de cor, il enseigne le cor au conservatoire de Fleury-les-Aubrais depuis 1982, et est directeur du conservatoire \u00e0 rayonnnement communal de Fleury-les-Aubrais Baptiste PONSTON, n\u00e9 en 1997 \u00e0 Orl\u00e9ans (45), il f\u00eet des \u00e9tudes de conduite de travaux dans le b\u00e2timent et obtient un master 2 de directeur de travaux. Actuellement il se lance dans l&#8217;immobilier. Passionn\u00e9 par la musique, il \u00e9tudie la percussion depuis l&#8217;\u00e2ge de 5 ans et obtient son certificat d&#8217;\u00e9tudes musicales au conservatoire d&#8217;Orl\u00e9ans. Il a particip\u00e9 \u00e0 des stages musicaux avec des grands solistes et s&#8217;est passionn\u00e9 pour le cor. Actuellement il joue du cor des alpes. Alexandre JOUS N\u00e9 en 1984 \u00e0 Cambrai, il fait ses \u00e9tudes musicales \u00e0 maubeauge, Valenciennes, Douai, Metz, Nancy et Gennevilliers. En 2008, c\u2019est le premier \u201cnon suisse\u201d a \u00eatre laur\u00e9at du 1er prix au concours international de cor des Alpes de Nendaz (suisse). performance r\u00e9it\u00e9r\u00e9e en 2009. Freelancer, performer et soliste international on le retrouve partout ou l\u2019on ne s\u2019y attend pas! Il est \u00e9galement directeur invit\u00e9 \u00e0 l\u2019acad\u00e9mie suisse de cor des Alpes de Montreux depuis f\u00e9vrier 2002. J\u00e9r\u00e9my LEBECQ N\u00e9 en 1980, il f\u00eet ses \u00e9tudes de musique \u00e0 Avesnes sur Helpe, Valenciennes, Douai et Gennevilliers. Il arrive \u00e0 Paris pour int\u00e9grer la Batterie Fanfare de la musique de la Gendarmerie Mobile en 2003, et depuis 2007, est musicien au sein de la Batterie Fanfare de la Musique de la Garde R\u00e9publicaine. Il joue dans plusieurs types de formation: Big Band, Orchestre dixieland, Orchestre d\u2019harmonie et Symphonique. Guy EVRA N\u00e9 en 1972 \u00e0 Bobigny, il fit ses \u00e9tudes de cor \u00e0 CNR d\u2019Aubervilliers (93) ou il obtient un 1er prix. Puis au CSP-CNR de Paris , il obtient \u00e9galement un 1er prix. Actuellement, il est corniste \u00e0 la batterie-fanfare de la musique des gardiens de la Paix de Paris. Il joue au sein de plusieurs orchestres sur Paris et sa banlieue. Musicien de l&#8217;ensemble d\u00e9c\u00e9d\u00e9 brutalement le 14 juillet 2024 Florent ROBERT \u00e9tait N\u00e9 en 1968 \u00e0 Limoges (87), il a fait des \u00e9tudes g\u00e9n\u00e9rales et des \u00e9tudes musicales au conservatoire d\u2019Orl\u00e9ans o\u00f9 il a obtenu un 1er prix en 1989. Poursuivant ses \u00e9tudes musicales au conservatoire de Ville d\u2019Avray, il a obtenu une m\u00e9daille d\u2019or en 1991. En 1993, il a \u00e9t\u00e9 laur\u00e9at du conservatoire sup\u00e9rieur de musique de Paris o\u00f9 il a obtenu un prix de musique de chambre. Dipl\u00f4m\u00e9 d\u2019\u00e9tat, il a enseign\u00e9 le cor \u00e0 Blois et \u00e0 Saint-Quentin. Merci \u00e0 Florent qui a \u00e9t\u00e9 \u00e0 l&#8217;origine de l&#8217;ensemble Cors Accords. Nous aurons toujours une pens\u00e9e pour lui.<\/p>\n","protected":false},"author":1,"featured_media":0,"parent":0,"menu_order":0,"comment_status":"closed","ping_status":"closed","template":"","meta":{"_mc_calendar":[],"footnotes":""},"class_list":["post-65","page","type-page","status-publish","hentry"],"yoast_head":"<!-- This site is optimized with the Yoast SEO plugin v20.3 - https:\/\/yoast.com\/wordpress\/plugins\/seo\/ -->\n<title>Les musiciens - Cors<\/title>\n<meta name=\"robots\" content=\"index, follow, max-snippet:-1, max-image-preview:large, max-video-preview:-1\" \/>\n<link rel=\"canonical\" href=\"https:\/\/www.corsaccords.fr\/?page_id=65\" \/>\n<meta property=\"og:locale\" content=\"fr_FR\" \/>\n<meta property=\"og:type\" content=\"article\" \/>\n<meta property=\"og:title\" content=\"Les musiciens - Cors\" \/>\n<meta property=\"og:description\" content=\"L&#8217;ensemble Cors Accords \u00e9volue de fa\u00e7on g\u00e9n\u00e9rale en quatuor (4 musiciens) pour vos manifestations. Vous trouverez dans cette page, la pr\u00e9sentation de plusieurs musiciens qui assurent les prestations de l&#8217;ensemble. Jean-Bernard LEFEBVRE est actuellement corniste \u00e0 la musique de la garde r\u00e9publicaine, membre de l&#8217;orchestre de cuivres de Paris et de l&#8217;ensemble de cors d&#8217;\u00eele de France. Thierry PONSTON est membre de l&#8217;orchestre d&#8217;Orl\u00e9ans et du quintette de cuivres tub&#8217;a 5. Baptiste PONSTON, jeune musicien jouant le cor des Alpes. Musicien percussionniste, il joue du cor en autodidacte. Guy EVRA joue au sein de plusieurs orchestres sur Paris et sa banlieue. J\u00e9r\u00e9my LEBECQ joue dans plusieurs types de formation: Big\u00a0 Band, Orchestre dixieland, Orchestre d&#8217;harmonie et Symphonique. Florent ROBERT est d\u00e9c\u00e9d\u00e9 brutalement le 14 juillet 2024. Il enseignait le cor des Alpes au conservatoire de St-Quentin. C&#8217;\u00e9tait un musicien professionnel, et il jouait au sein de divers orchestres. Alexandre JOUS est freelance, perform\u00e9 et soliste international on le retrouve partout ou l&#8217;on ne s&#8217;y attend pas ! Jean-Bernard LEFEBVRE N\u00e9 en 1972, il fit ses \u00e9tudes de cor \u00e0 Cambrai et \u00e0 Valenciennes. Il poursuivit sur Paris au conservatoire du 19\u00e9me arrondissement et obtient un dipl\u00f4me d\u2019\u00e9tudes musicales au conservatoire de Gennevilliers puis son 1er prix d\u2019excellence. Actuellemment, il est corniste \u00e0 la musique de la garde r\u00e9publicaine, membre de l\u2019orchestre de cuivres de Paris et de l\u2019ensemble de cors d\u2019\u00eele de France. Il est \u00e9galement membre du quintette de cuivres et orgue \u201cQuintessence\u201d. Thierry PONSTON N\u00e9 en 1962 \u00e0 Orl\u00e9ans (45), il f\u00eet des \u00e9tudes de gestion et suit parall\u00e8lement ses \u00e9tudes musicales au conservatoire d\u2019Orl\u00e9ans o\u00f9 il obtient un 1er prix de cor en 1984. Il poursuivit ses \u00e9tudes musicales au conservatoire du X\u00e8 arrondissement de Paris o\u00f9 il obtient le prix de la ville de Paris. Musicien professionnel, il effectue divers remplacements dans les orchestres (orchestre National de France, orchestre r\u00e9gional du limousin\u2026). Il est membre de l\u2019orchestre d\u2019Orl\u00e9ans et du quintette de cuivres tub\u2019a 5. Dipl\u00f4m\u00e9 d\u2019\u00e9tat et titulaire du CA de cor, il enseigne le cor au conservatoire de Fleury-les-Aubrais depuis 1982, et est directeur du conservatoire \u00e0 rayonnnement communal de Fleury-les-Aubrais Baptiste PONSTON, n\u00e9 en 1997 \u00e0 Orl\u00e9ans (45), il f\u00eet des \u00e9tudes de conduite de travaux dans le b\u00e2timent et obtient un master 2 de directeur de travaux. Actuellement il se lance dans l&#8217;immobilier. Passionn\u00e9 par la musique, il \u00e9tudie la percussion depuis l&#8217;\u00e2ge de 5 ans et obtient son certificat d&#8217;\u00e9tudes musicales au conservatoire d&#8217;Orl\u00e9ans. Il a particip\u00e9 \u00e0 des stages musicaux avec des grands solistes et s&#8217;est passionn\u00e9 pour le cor. Actuellement il joue du cor des alpes. Alexandre JOUS N\u00e9 en 1984 \u00e0 Cambrai, il fait ses \u00e9tudes musicales \u00e0 maubeauge, Valenciennes, Douai, Metz, Nancy et Gennevilliers. En 2008, c\u2019est le premier \u201cnon suisse\u201d a \u00eatre laur\u00e9at du 1er prix au concours international de cor des Alpes de Nendaz (suisse). performance r\u00e9it\u00e9r\u00e9e en 2009. Freelancer, performer et soliste international on le retrouve partout ou l\u2019on ne s\u2019y attend pas! Il est \u00e9galement directeur invit\u00e9 \u00e0 l\u2019acad\u00e9mie suisse de cor des Alpes de Montreux depuis f\u00e9vrier 2002. J\u00e9r\u00e9my LEBECQ N\u00e9 en 1980, il f\u00eet ses \u00e9tudes de musique \u00e0 Avesnes sur Helpe, Valenciennes, Douai et Gennevilliers. Il arrive \u00e0 Paris pour int\u00e9grer la Batterie Fanfare de la musique de la Gendarmerie Mobile en 2003, et depuis 2007, est musicien au sein de la Batterie Fanfare de la Musique de la Garde R\u00e9publicaine. Il joue dans plusieurs types de formation: Big Band, Orchestre dixieland, Orchestre d\u2019harmonie et Symphonique. Guy EVRA N\u00e9 en 1972 \u00e0 Bobigny, il fit ses \u00e9tudes de cor \u00e0 CNR d\u2019Aubervilliers (93) ou il obtient un 1er prix. Puis au CSP-CNR de Paris , il obtient \u00e9galement un 1er prix. Actuellement, il est corniste \u00e0 la batterie-fanfare de la musique des gardiens de la Paix de Paris. Il joue au sein de plusieurs orchestres sur Paris et sa banlieue. Musicien de l&#8217;ensemble d\u00e9c\u00e9d\u00e9 brutalement le 14 juillet 2024 Florent ROBERT \u00e9tait N\u00e9 en 1968 \u00e0 Limoges (87), il a fait des \u00e9tudes g\u00e9n\u00e9rales et des \u00e9tudes musicales au conservatoire d\u2019Orl\u00e9ans o\u00f9 il a obtenu un 1er prix en 1989. Poursuivant ses \u00e9tudes musicales au conservatoire de Ville d\u2019Avray, il a obtenu une m\u00e9daille d\u2019or en 1991. En 1993, il a \u00e9t\u00e9 laur\u00e9at du conservatoire sup\u00e9rieur de musique de Paris o\u00f9 il a obtenu un prix de musique de chambre. Dipl\u00f4m\u00e9 d\u2019\u00e9tat, il a enseign\u00e9 le cor \u00e0 Blois et \u00e0 Saint-Quentin. Merci \u00e0 Florent qui a \u00e9t\u00e9 \u00e0 l&#8217;origine de l&#8217;ensemble Cors Accords. Nous aurons toujours une pens\u00e9e pour lui.\" \/>\n<meta property=\"og:url\" content=\"https:\/\/www.corsaccords.fr\/?page_id=65\" \/>\n<meta property=\"og:site_name\" content=\"Cors\" \/>\n<meta property=\"article:modified_time\" content=\"2024-10-22T20:40:42+00:00\" \/>\n<meta property=\"og:image\" content=\"https:\/\/www.corsaccords.fr\/wp-content\/uploads\/2021\/12\/musicien1.jpg\" \/>\n<meta name=\"twitter:card\" content=\"summary_large_image\" \/>\n<meta name=\"twitter:label1\" content=\"Dur\u00e9e de lecture estim\u00e9e\" \/>\n\t<meta name=\"twitter:data1\" content=\"6 minutes\" \/>\n<script type=\"application\/ld+json\" class=\"yoast-schema-graph\">{\"@context\":\"https:\/\/schema.org\",\"@graph\":[{\"@type\":\"WebPage\",\"@id\":\"https:\/\/www.corsaccords.fr\/?page_id=65\",\"url\":\"https:\/\/www.corsaccords.fr\/?page_id=65\",\"name\":\"Les musiciens - Cors\",\"isPartOf\":{\"@id\":\"https:\/\/www.corsaccords.fr\/#website\"},\"datePublished\":\"2021-12-21T10:50:33+00:00\",\"dateModified\":\"2024-10-22T20:40:42+00:00\",\"breadcrumb\":{\"@id\":\"https:\/\/www.corsaccords.fr\/?page_id=65#breadcrumb\"},\"inLanguage\":\"fr-FR\",\"potentialAction\":[{\"@type\":\"ReadAction\",\"target\":[\"https:\/\/www.corsaccords.fr\/?page_id=65\"]}]},{\"@type\":\"BreadcrumbList\",\"@id\":\"https:\/\/www.corsaccords.fr\/?page_id=65#breadcrumb\",\"itemListElement\":[{\"@type\":\"ListItem\",\"position\":1,\"name\":\"Accueil\",\"item\":\"https:\/\/www.corsaccords.fr\/\"},{\"@type\":\"ListItem\",\"position\":2,\"name\":\"Les musiciens\"}]},{\"@type\":\"WebSite\",\"@id\":\"https:\/\/www.corsaccords.fr\/#website\",\"url\":\"https:\/\/www.corsaccords.fr\/\",\"name\":\"Cors\",\"description\":\"Accords\",\"publisher\":{\"@id\":\"https:\/\/www.corsaccords.fr\/#organization\"},\"potentialAction\":[{\"@type\":\"SearchAction\",\"target\":{\"@type\":\"EntryPoint\",\"urlTemplate\":\"https:\/\/www.corsaccords.fr\/?s={search_term_string}\"},\"query-input\":\"required name=search_term_string\"}],\"inLanguage\":\"fr-FR\"},{\"@type\":\"Organization\",\"@id\":\"https:\/\/www.corsaccords.fr\/#organization\",\"name\":\"Cors\",\"url\":\"https:\/\/www.corsaccords.fr\/\",\"logo\":{\"@type\":\"ImageObject\",\"inLanguage\":\"fr-FR\",\"@id\":\"https:\/\/www.corsaccords.fr\/#\/schema\/logo\/image\/\",\"url\":\"https:\/\/www.corsaccords.fr\/wp-content\/uploads\/2022\/01\/cropped-cropped-cropped-cropped-cropped-cropped-cropped-cropped-CA_V2-1.png\",\"contentUrl\":\"https:\/\/www.corsaccords.fr\/wp-content\/uploads\/2022\/01\/cropped-cropped-cropped-cropped-cropped-cropped-cropped-cropped-CA_V2-1.png\",\"width\":512,\"height\":506,\"caption\":\"Cors\"},\"image\":{\"@id\":\"https:\/\/www.corsaccords.fr\/#\/schema\/logo\/image\/\"}}]}<\/script>\n<!-- \/ Yoast SEO plugin. -->","yoast_head_json":{"title":"Les musiciens - Cors","robots":{"index":"index","follow":"follow","max-snippet":"max-snippet:-1","max-image-preview":"max-image-preview:large","max-video-preview":"max-video-preview:-1"},"canonical":"https:\/\/www.corsaccords.fr\/?page_id=65","og_locale":"fr_FR","og_type":"article","og_title":"Les musiciens - Cors","og_description":"L&#8217;ensemble Cors Accords \u00e9volue de fa\u00e7on g\u00e9n\u00e9rale en quatuor (4 musiciens) pour vos manifestations. Vous trouverez dans cette page, la pr\u00e9sentation de plusieurs musiciens qui assurent les prestations de l&#8217;ensemble. Jean-Bernard LEFEBVRE est actuellement corniste \u00e0 la musique de la garde r\u00e9publicaine, membre de l&#8217;orchestre de cuivres de Paris et de l&#8217;ensemble de cors d&#8217;\u00eele de France. Thierry PONSTON est membre de l&#8217;orchestre d&#8217;Orl\u00e9ans et du quintette de cuivres tub&#8217;a 5. Baptiste PONSTON, jeune musicien jouant le cor des Alpes. Musicien percussionniste, il joue du cor en autodidacte. Guy EVRA joue au sein de plusieurs orchestres sur Paris et sa banlieue. J\u00e9r\u00e9my LEBECQ joue dans plusieurs types de formation: Big\u00a0 Band, Orchestre dixieland, Orchestre d&#8217;harmonie et Symphonique. Florent ROBERT est d\u00e9c\u00e9d\u00e9 brutalement le 14 juillet 2024. Il enseignait le cor des Alpes au conservatoire de St-Quentin. C&#8217;\u00e9tait un musicien professionnel, et il jouait au sein de divers orchestres. Alexandre JOUS est freelance, perform\u00e9 et soliste international on le retrouve partout ou l&#8217;on ne s&#8217;y attend pas ! Jean-Bernard LEFEBVRE N\u00e9 en 1972, il fit ses \u00e9tudes de cor \u00e0 Cambrai et \u00e0 Valenciennes. Il poursuivit sur Paris au conservatoire du 19\u00e9me arrondissement et obtient un dipl\u00f4me d\u2019\u00e9tudes musicales au conservatoire de Gennevilliers puis son 1er prix d\u2019excellence. Actuellemment, il est corniste \u00e0 la musique de la garde r\u00e9publicaine, membre de l\u2019orchestre de cuivres de Paris et de l\u2019ensemble de cors d\u2019\u00eele de France. Il est \u00e9galement membre du quintette de cuivres et orgue \u201cQuintessence\u201d. Thierry PONSTON N\u00e9 en 1962 \u00e0 Orl\u00e9ans (45), il f\u00eet des \u00e9tudes de gestion et suit parall\u00e8lement ses \u00e9tudes musicales au conservatoire d\u2019Orl\u00e9ans o\u00f9 il obtient un 1er prix de cor en 1984. Il poursuivit ses \u00e9tudes musicales au conservatoire du X\u00e8 arrondissement de Paris o\u00f9 il obtient le prix de la ville de Paris. Musicien professionnel, il effectue divers remplacements dans les orchestres (orchestre National de France, orchestre r\u00e9gional du limousin\u2026). Il est membre de l\u2019orchestre d\u2019Orl\u00e9ans et du quintette de cuivres tub\u2019a 5. Dipl\u00f4m\u00e9 d\u2019\u00e9tat et titulaire du CA de cor, il enseigne le cor au conservatoire de Fleury-les-Aubrais depuis 1982, et est directeur du conservatoire \u00e0 rayonnnement communal de Fleury-les-Aubrais Baptiste PONSTON, n\u00e9 en 1997 \u00e0 Orl\u00e9ans (45), il f\u00eet des \u00e9tudes de conduite de travaux dans le b\u00e2timent et obtient un master 2 de directeur de travaux. Actuellement il se lance dans l&#8217;immobilier. Passionn\u00e9 par la musique, il \u00e9tudie la percussion depuis l&#8217;\u00e2ge de 5 ans et obtient son certificat d&#8217;\u00e9tudes musicales au conservatoire d&#8217;Orl\u00e9ans. Il a particip\u00e9 \u00e0 des stages musicaux avec des grands solistes et s&#8217;est passionn\u00e9 pour le cor. Actuellement il joue du cor des alpes. Alexandre JOUS N\u00e9 en 1984 \u00e0 Cambrai, il fait ses \u00e9tudes musicales \u00e0 maubeauge, Valenciennes, Douai, Metz, Nancy et Gennevilliers. En 2008, c\u2019est le premier \u201cnon suisse\u201d a \u00eatre laur\u00e9at du 1er prix au concours international de cor des Alpes de Nendaz (suisse). performance r\u00e9it\u00e9r\u00e9e en 2009. Freelancer, performer et soliste international on le retrouve partout ou l\u2019on ne s\u2019y attend pas! Il est \u00e9galement directeur invit\u00e9 \u00e0 l\u2019acad\u00e9mie suisse de cor des Alpes de Montreux depuis f\u00e9vrier 2002. J\u00e9r\u00e9my LEBECQ N\u00e9 en 1980, il f\u00eet ses \u00e9tudes de musique \u00e0 Avesnes sur Helpe, Valenciennes, Douai et Gennevilliers. Il arrive \u00e0 Paris pour int\u00e9grer la Batterie Fanfare de la musique de la Gendarmerie Mobile en 2003, et depuis 2007, est musicien au sein de la Batterie Fanfare de la Musique de la Garde R\u00e9publicaine. Il joue dans plusieurs types de formation: Big Band, Orchestre dixieland, Orchestre d\u2019harmonie et Symphonique. Guy EVRA N\u00e9 en 1972 \u00e0 Bobigny, il fit ses \u00e9tudes de cor \u00e0 CNR d\u2019Aubervilliers (93) ou il obtient un 1er prix. Puis au CSP-CNR de Paris , il obtient \u00e9galement un 1er prix. Actuellement, il est corniste \u00e0 la batterie-fanfare de la musique des gardiens de la Paix de Paris. Il joue au sein de plusieurs orchestres sur Paris et sa banlieue. Musicien de l&#8217;ensemble d\u00e9c\u00e9d\u00e9 brutalement le 14 juillet 2024 Florent ROBERT \u00e9tait N\u00e9 en 1968 \u00e0 Limoges (87), il a fait des \u00e9tudes g\u00e9n\u00e9rales et des \u00e9tudes musicales au conservatoire d\u2019Orl\u00e9ans o\u00f9 il a obtenu un 1er prix en 1989. Poursuivant ses \u00e9tudes musicales au conservatoire de Ville d\u2019Avray, il a obtenu une m\u00e9daille d\u2019or en 1991. En 1993, il a \u00e9t\u00e9 laur\u00e9at du conservatoire sup\u00e9rieur de musique de Paris o\u00f9 il a obtenu un prix de musique de chambre. Dipl\u00f4m\u00e9 d\u2019\u00e9tat, il a enseign\u00e9 le cor \u00e0 Blois et \u00e0 Saint-Quentin. Merci \u00e0 Florent qui a \u00e9t\u00e9 \u00e0 l&#8217;origine de l&#8217;ensemble Cors Accords. Nous aurons toujours une pens\u00e9e pour lui.","og_url":"https:\/\/www.corsaccords.fr\/?page_id=65","og_site_name":"Cors","article_modified_time":"2024-10-22T20:40:42+00:00","og_image":[{"url":"https:\/\/www.corsaccords.fr\/wp-content\/uploads\/2021\/12\/musicien1.jpg"}],"twitter_card":"summary_large_image","twitter_misc":{"Dur\u00e9e de lecture estim\u00e9e":"6 minutes"},"schema":{"@context":"https:\/\/schema.org","@graph":[{"@type":"WebPage","@id":"https:\/\/www.corsaccords.fr\/?page_id=65","url":"https:\/\/www.corsaccords.fr\/?page_id=65","name":"Les musiciens - Cors","isPartOf":{"@id":"https:\/\/www.corsaccords.fr\/#website"},"datePublished":"2021-12-21T10:50:33+00:00","dateModified":"2024-10-22T20:40:42+00:00","breadcrumb":{"@id":"https:\/\/www.corsaccords.fr\/?page_id=65#breadcrumb"},"inLanguage":"fr-FR","potentialAction":[{"@type":"ReadAction","target":["https:\/\/www.corsaccords.fr\/?page_id=65"]}]},{"@type":"BreadcrumbList","@id":"https:\/\/www.corsaccords.fr\/?page_id=65#breadcrumb","itemListElement":[{"@type":"ListItem","position":1,"name":"Accueil","item":"https:\/\/www.corsaccords.fr\/"},{"@type":"ListItem","position":2,"name":"Les musiciens"}]},{"@type":"WebSite","@id":"https:\/\/www.corsaccords.fr\/#website","url":"https:\/\/www.corsaccords.fr\/","name":"Cors","description":"Accords","publisher":{"@id":"https:\/\/www.corsaccords.fr\/#organization"},"potentialAction":[{"@type":"SearchAction","target":{"@type":"EntryPoint","urlTemplate":"https:\/\/www.corsaccords.fr\/?s={search_term_string}"},"query-input":"required name=search_term_string"}],"inLanguage":"fr-FR"},{"@type":"Organization","@id":"https:\/\/www.corsaccords.fr\/#organization","name":"Cors","url":"https:\/\/www.corsaccords.fr\/","logo":{"@type":"ImageObject","inLanguage":"fr-FR","@id":"https:\/\/www.corsaccords.fr\/#\/schema\/logo\/image\/","url":"https:\/\/www.corsaccords.fr\/wp-content\/uploads\/2022\/01\/cropped-cropped-cropped-cropped-cropped-cropped-cropped-cropped-CA_V2-1.png","contentUrl":"https:\/\/www.corsaccords.fr\/wp-content\/uploads\/2022\/01\/cropped-cropped-cropped-cropped-cropped-cropped-cropped-cropped-CA_V2-1.png","width":512,"height":506,"caption":"Cors"},"image":{"@id":"https:\/\/www.corsaccords.fr\/#\/schema\/logo\/image\/"}}]}},"_links":{"self":[{"href":"https:\/\/www.corsaccords.fr\/index.php?rest_route=\/wp\/v2\/pages\/65","targetHints":{"allow":["GET"]}}],"collection":[{"href":"https:\/\/www.corsaccords.fr\/index.php?rest_route=\/wp\/v2\/pages"}],"about":[{"href":"https:\/\/www.corsaccords.fr\/index.php?rest_route=\/wp\/v2\/types\/page"}],"author":[{"embeddable":true,"href":"https:\/\/www.corsaccords.fr\/index.php?rest_route=\/wp\/v2\/users\/1"}],"replies":[{"embeddable":true,"href":"https:\/\/www.corsaccords.fr\/index.php?rest_route=%2Fwp%2Fv2%2Fcomments&post=65"}],"version-history":[{"count":206,"href":"https:\/\/www.corsaccords.fr\/index.php?rest_route=\/wp\/v2\/pages\/65\/revisions"}],"predecessor-version":[{"id":2636,"href":"https:\/\/www.corsaccords.fr\/index.php?rest_route=\/wp\/v2\/pages\/65\/revisions\/2636"}],"wp:attachment":[{"href":"https:\/\/www.corsaccords.fr\/index.php?rest_route=%2Fwp%2Fv2%2Fmedia&parent=65"}],"curies":[{"name":"wp","href":"https:\/\/api.w.org\/{rel}","templated":true}]}}