{"id":1083,"date":"2022-03-08T15:02:24","date_gmt":"2022-03-08T15:02:24","guid":{"rendered":"https:\/\/cors.acosof.fr\/?page_id=1083"},"modified":"2022-04-04T09:57:13","modified_gmt":"2022-04-04T09:57:13","slug":"calendrrier","status":"publish","type":"page","link":"https:\/\/www.corsaccords.fr\/?page_id=1083","title":{"rendered":"Calendrier"},"content":{"rendered":"\t\t<div data-elementor-type=\"wp-page\" data-elementor-id=\"1083\" class=\"elementor elementor-1083\">\n\t\t\t\t\t\t\t\t\t<section class=\"elementor-section elementor-top-section elementor-element elementor-element-3b66a1a1 elementor-section-boxed elementor-section-height-default elementor-section-height-default\" data-id=\"3b66a1a1\" data-element_type=\"section\">\n\t\t\t\t\t\t<div class=\"elementor-container elementor-column-gap-default\">\n\t\t\t\t\t<div class=\"elementor-column elementor-col-100 elementor-top-column elementor-element elementor-element-174030b4\" data-id=\"174030b4\" data-element_type=\"column\">\n\t\t\t<div class=\"elementor-widget-wrap elementor-element-populated\">\n\t\t\t\t\t\t\t\t<div class=\"elementor-element elementor-element-8891345 elementor-widget elementor-widget-shortcode\" data-id=\"8891345\" data-element_type=\"widget\" data-widget_type=\"shortcode.default\">\n\t\t\t\t<div class=\"elementor-widget-container\">\n\t\t\t\t\t<div class=\"elementor-shortcode\">\n<table id=\"tablepress-1\" class=\"tablepress tablepress-id-1\">\n<thead>\n<tr class=\"row-1 odd\">\n\t<th class=\"column-1\">Dates<\/th><th class=\"column-2\">Manifestations<\/th><th class=\"column-3\"><\/th>\n<\/tr>\n<\/thead>\n<tbody class=\"row-hover\">\n<tr class=\"row-2 even\">\n\t<td class=\"column-1\">7 d\u00e9cembre 2024<\/td><td class=\"column-2\">March\u00e9 de No\u00ebl \u00e0 Compi\u00e8gne 60200<\/td><td class=\"column-3\"><img loading=\"lazy\" decoding=\"async\" src=\"https:\/\/www.corsaccords.fr\/wp-content\/uploads\/2024\/10\/Compiegne-2021-marche-de-Noel-e1729628184860-280x300.jpg\" alt=\"\" width=\"280\" height=\"300\" class=\"alignnone size-medium wp-image-2625\" srcset=\"https:\/\/www.corsaccords.fr\/wp-content\/uploads\/2024\/10\/Compiegne-2021-marche-de-Noel-e1729628184860-280x300.jpg 280w, https:\/\/www.corsaccords.fr\/wp-content\/uploads\/2024\/10\/Compiegne-2021-marche-de-Noel-e1729628184860-768x823.jpg 768w, https:\/\/www.corsaccords.fr\/wp-content\/uploads\/2024\/10\/Compiegne-2021-marche-de-Noel-e1729628184860.jpg 782w\" sizes=\"auto, (max-width: 280px) 100vw, 280px\" \/><\/td>\n<\/tr>\n<tr class=\"row-3 odd\">\n\t<td class=\"column-1\">15 d\u00e9cembre 2018<\/td><td class=\"column-2\">March\u00e9 de No\u00ebl Noisy le Grand 93<\/td><td class=\"column-3\"><\/td>\n<\/tr>\n<tr class=\"row-4 even\">\n\t<td class=\"column-1\">15 mai 2016<\/td><td class=\"column-2\">Dans le cadre de la f\u00eate du bois \u00e0 M\u00e9ry es bois 18380<\/td><td class=\"column-3\"><\/td>\n<\/tr>\n<tr class=\"row-5 odd\">\n\t<td class=\"column-1\">5 d\u00e9cembre 2015<\/td><td class=\"column-2\">March\u00e9 de No\u00ebl \u00e0 Compi\u00e8gne 60200<\/td><td class=\"column-3\"><\/td>\n<\/tr>\n<tr class=\"row-6 even\">\n\t<td class=\"column-1\">13 septembre 2015<\/td><td class=\"column-2\">F\u00eate de la Saint-Fiacre \u00e0 Villemomble 93250<\/td><td class=\"column-3\"><\/td>\n<\/tr>\n<tr class=\"row-7 odd\">\n\t<td class=\"column-1\">6 septembre 2015<\/td><td class=\"column-2\">Brocante \u00e0 Mareau aux Pr\u00e9s 45370<\/td><td class=\"column-3\"><\/td>\n<\/tr>\n<tr class=\"row-8 even\">\n\t<td class=\"column-1\">15 juin 2015<\/td><td class=\"column-2\">Duo de cors des alpes pour la marche nocturne \u00e0 Lailly en Val  45740<\/td><td class=\"column-3\"><\/td>\n<\/tr>\n<tr class=\"row-9 odd\">\n\t<td class=\"column-1\">20 d\u00e9cembre 2014<\/td><td class=\"column-2\">March\u00e9 de No\u00ebl \u00e0 Bonneval 28800<\/td><td class=\"column-3\"><\/td>\n<\/tr>\n<tr class=\"row-10 even\">\n\t<td class=\"column-1\">14 d\u00e9cembre 2014<\/td><td class=\"column-2\">March\u00e9 de No\u00ebl \u00e0 Amilly 45200<\/td><td class=\"column-3\"><\/td>\n<\/tr>\n<tr class=\"row-11 odd\">\n\t<td class=\"column-1\">6 d\u00e9cembre 2014<\/td><td class=\"column-2\">Animation du march\u00e9 de No\u00ebl \u00e0 Compi\u00e8gne 60200<\/td><td class=\"column-3\"><\/td>\n<\/tr>\n<tr class=\"row-12 even\">\n\t<td class=\"column-1\">30 novembre 2014<\/td><td class=\"column-2\">Animation \u00e0 Villebon sur Yvette 91140<\/td><td class=\"column-3\"><\/td>\n<\/tr>\n<tr class=\"row-13 odd\">\n\t<td class=\"column-1\">31 ao\u00fbt 2014<\/td><td class=\"column-2\">18eme \u00e9dition F\u00eate du Bois \u00e0 Urcel 02000<\/td><td class=\"column-3\"><a href=\"https:\/\/www.corsaccords.fr\/2014%20fete%20des%20bois.jpg\" class=\"fa fa-image\"><\/a><\/td>\n<\/tr>\n<tr class=\"row-14 even\">\n\t<td class=\"column-1\">27 avril 2014<\/td><td class=\"column-2\">77eme F\u00eate du vin \u00e0 Selles sur Cher 41130  <\/td><td class=\"column-3\"><\/td>\n<\/tr>\n<tr class=\"row-15 odd\">\n\t<td class=\"column-1\">9 mars 2014<\/td><td class=\"column-2\">767eme F\u00eate du Bois Hourdy \u00e0 Chambly 60230<\/td><td class=\"column-3\"><\/td>\n<\/tr>\n<tr class=\"row-16 even\">\n\t<td class=\"column-1\">21 d\u00e9cembre 2013<\/td><td class=\"column-2\">March\u00e9 de No\u00ebl \u00e0 Gouvieux 60270<\/td><td class=\"column-3\"><\/td>\n<\/tr>\n<tr class=\"row-17 odd\">\n\t<td class=\"column-1\">15 d\u00e9cembre 2013<\/td><td class=\"column-2\">March\u00e9 de No\u00ebl \u00e0 Coullons 45720<\/td><td class=\"column-3\"><a href=\"https:\/\/www.corsaccords.fr\/20131215Coullons550.jpg\"class=\"fa fa-image\"><\/a><\/td>\n<\/tr>\n<tr class=\"row-18 even\">\n\t<td class=\"column-1\">8 d\u00e9cembre 2013<\/td><td class=\"column-2\">March\u00e9 de No\u00ebl  \u00e0 Beauvais 60000<\/td><td class=\"column-3\"><a href=\"https:\/\/www.corsaccords.fr\/P1030017%20%5b1600x1200%5d.jpg\"class=\"fa fa-image\"><\/a><\/td>\n<\/tr>\n<tr class=\"row-19 odd\">\n\t<td class=\"column-1\">29 septembre 2013<\/td><td class=\"column-2\">Brocante \u00e0 Beaune la Rolande 45340<\/td><td class=\"column-3\"><\/td>\n<\/tr>\n<tr class=\"row-20 even\">\n\t<td class=\"column-1\">25 ao\u00fbt 2013<\/td><td class=\"column-2\">Comice agricole \u00e0 St Martin d\u2019Auxigny 18110<\/td><td class=\"column-3\"><\/td>\n<\/tr>\n<tr class=\"row-21 odd\">\n\t<td class=\"column-1\">11 ao\u00fbt 2013<\/td><td class=\"column-2\">F\u00eates des berges du canal \u00e0 St Amand Montrond 18200<\/td><td class=\"column-3\"><\/td>\n<\/tr>\n<tr class=\"row-22 even\">\n\t<td class=\"column-1\">13 juillet 2013<\/td><td class=\"column-2\">F\u00eates Franco-Ecossaises \u00e0 Aubigny sur N\u00e8re 18700<\/td><td class=\"column-3\"><\/td>\n<\/tr>\n<tr class=\"row-23 odd\">\n\t<td class=\"column-1\">7 juillet 2013<\/td><td class=\"column-2\">Brocante \u00e0 Berry Bouy 18500<\/td><td class=\"column-3\"><\/td>\n<\/tr>\n<tr class=\"row-24 even\">\n\t<td class=\"column-1\">29 juin 2013<\/td><td class=\"column-2\">F\u00eates de Loire \u00e0 Chatillon sur Loire 45360<\/td><td class=\"column-3\"><\/td>\n<\/tr>\n<tr class=\"row-25 odd\">\n\t<td class=\"column-1\">23 d\u00e9cembre 2012<\/td><td class=\"column-2\">March\u00e9 de No\u00ebl \u00e0 Orl\u00e9ans 45000<\/td><td class=\"column-3\"><a href=\"https:\/\/www.corsaccords.fr\/orleans3_550.jpg\"class=\"fa fa-image\"><\/a><\/td>\n<\/tr>\n<tr class=\"row-26 even\">\n\t<td class=\"column-1\">29 septembre 2012<\/td><td class=\"column-2\">Concert \u00e0 l'\u00e9glise de Quiers sur B\u00e9zonde 45270<\/td><td class=\"column-3\"><a href=\"https:\/\/www.corsaccords.fr\/QUIERS_550.jpg\"class=\"fa fa-image\"><\/a><\/td>\n<\/tr>\n<tr class=\"row-27 odd\">\n\t<td class=\"column-1\"> 4 d\u00e9cembre 2011<\/td><td class=\"column-2\">March\u00e9 de No\u00ebl \u00e0 V\u00e9lisy-Villacoublay 78140<\/td><td class=\"column-3\"><\/td>\n<\/tr>\n<tr class=\"row-28 even\">\n\t<td class=\"column-1\"> 20 octobre 2011<\/td><td class=\"column-2\">Soir\u00e9e priv\u00e9e (banque) mus\u00e9e Gr\u00e9vin Paris 75009<\/td><td class=\"column-3\"><a href=\"https:\/\/www.corsaccords.fr\/DSC03488_600.jpg\"class=\"fa fa-image\"><\/a><\/td>\n<\/tr>\n<tr class=\"row-29 odd\">\n\t<td class=\"column-1\"> 15 octobre 2011<\/td><td class=\"column-2\">Concert \u00e9glise de Autainville 41240<\/td><td class=\"column-3\"><\/td>\n<\/tr>\n<tr class=\"row-30 even\">\n\t<td class=\"column-1\">9 au11 septembre 2011<\/td><td class=\"column-2\">Festival des accroches c\u0153urs \u00e0 Angers 49000<\/td><td class=\"column-3\"><a href=\"https:\/\/www.corsaccords.fr\/IMGP2777red.jpg\"class=\"fa fa-image\"><\/a><\/td>\n<\/tr>\n<tr class=\"row-31 odd\">\n\t<td class=\"column-1\">16 janvier 2011<\/td><td class=\"column-2\">F\u00eate de la la Montagne  \u00e0 Villebon sur Yvette 91140<\/td><td class=\"column-3\"><\/td>\n<\/tr>\n<tr class=\"row-32 even\">\n\t<td class=\"column-1\"> 18 d\u00e9cembre 2010<\/td><td class=\"column-2\">March\u00e9 de No\u00ebl \u00e0 Pantin 93500<\/td><td class=\"column-3\"><\/td>\n<\/tr>\n<tr class=\"row-33 odd\">\n\t<td class=\"column-1\"> 5 d\u00e9cembre 2010<\/td><td class=\"column-2\">March\u00e9 de No\u00ebl Saint-Quentin 02100<\/td><td class=\"column-3\"><\/td>\n<\/tr>\n<tr class=\"row-34 even\">\n\t<td class=\"column-1\"> 3 octobre 2010<\/td><td class=\"column-2\">Concert basilique \u00e0 Saint-Quentin 02100<\/td><td class=\"column-3\"><\/td>\n<\/tr>\n<tr class=\"row-35 odd\">\n\t<td class=\"column-1\">19 septembre 2009<\/td><td class=\"column-2\">Balade Gourmande O.T. Olivet 45160<\/td><td class=\"column-3\"><a href=\"https:\/\/www.corsaccords.fr\/OT-Olivet.jpg\"class=\"fa fa-image\"><\/a><\/td>\n<\/tr>\n<tr class=\"row-36 even\">\n\t<td class=\"column-1\">28 juin 2009<\/td><td class=\"column-2\">Festival des Rutilants \u00e0 Oignies 62590<\/td><td class=\"column-3\"><a href=\"https:\/\/www.corsaccords.fr\/RUTILANTS%2009%20112%20%5b1600x1200%5d.jpg\"class=\"fa fa-image\"><\/a><\/td>\n<\/tr>\n<tr class=\"row-37 odd\">\n\t<td class=\"column-1\">20 septembre 2008<\/td><td class=\"column-2\">Salon du Go\u00fbt et des Saveurs 3eme \u00e9dition \u00e0 Puteaux 92800<\/td><td class=\"column-3\"><a href=\"https:\/\/www.corsaccords.fr\/DSC03540red.jpg\"class=\"fa fa-image\"><\/a><\/td>\n<\/tr>\n<tr class=\"row-38 even\">\n\t<td class=\"column-1\">12 d\u00e9cembre 2007<\/td><td class=\"column-2\">March\u00e9 de No\u00ebl \u00e0 Noisy le Grand 93160<\/td><td class=\"column-3\"><\/td>\n<\/tr>\n<tr class=\"row-39 odd\">\n\t<td class=\"column-1\">13 octobre 2007<\/td><td class=\"column-2\">F\u00eate des vendanges \u00e0 Gagny 93220<\/td><td class=\"column-3\"><a href=\"https:\/\/www.corsaccords.fr\/Face%20au%20lac%20d%27evian.jpg\"class=\"fa fa-image\"><\/a><\/td>\n<\/tr>\n<tr class=\"row-40 even\">\n\t<td class=\"column-1\">septembre 2006<\/td><td class=\"column-2\">G8 au Lac d\u2019Evian 74500<\/td><td class=\"column-3\"><\/td>\n<\/tr>\n<tr class=\"row-41 odd\">\n\t<td class=\"column-1\">14 ao\u00fbt 2006<\/td><td class=\"column-2\">F\u00eate de Saint Blaise \u00e0 Arthon 36330<\/td><td class=\"column-3\"><\/td>\n<\/tr>\n<tr class=\"row-42 even\">\n\t<td class=\"column-1\">4 septembre 2005<\/td><td class=\"column-2\">\t<br \/>\nBrocante \u00e0 Semoy 45400<\/td><td class=\"column-3\"><\/td>\n<\/tr>\n<tr class=\"row-43 odd\">\n\t<td class=\"column-1\">28 ao\u00fbt 2005<\/td><td class=\"column-2\">F\u00eate des Griselles \u00e0 Sancoins 18600<\/td><td class=\"column-3\"><\/td>\n<\/tr>\n<tr class=\"row-44 even\">\n\t<td class=\"column-1\">3 juillet 2005<\/td><td class=\"column-2\">March\u00e9 m\u00e9di\u00e9val \u00e0 Mehun sur Yevre 18500<\/td><td class=\"column-3\"><\/td>\n<\/tr>\n<tr class=\"row-45 odd\">\n\t<td class=\"column-1\">3 septembre 2004<\/td><td class=\"column-2\">9\u00e8me Festival de Musique Traditionnelle \u00e0 G\u00eanes (Italie)<\/td><td class=\"column-3\"><\/td>\n<\/tr>\n<tr class=\"row-46 even\">\n\t<td class=\"column-1\">6 octobre 2002<\/td><td class=\"column-2\">\t<br \/>\nConcert \u00e0 la Basilique 21eme F\u00eates de St Quentin 02100<\/td><td class=\"column-3\"><\/td>\n<\/tr>\n<\/tbody>\n<\/table>\n<!-- #tablepress-1 from cache --><\/div>\n\t\t\t\t<\/div>\n\t\t\t\t<\/div>\n\t\t\t\t\t<\/div>\n\t\t<\/div>\n\t\t\t\t\t\t\t<\/div>\n\t\t<\/section>\n\t\t\t\t\t\t\t<\/div>\n\t\t","protected":false},"excerpt":{"rendered":"","protected":false},"author":1,"featured_media":0,"parent":0,"menu_order":0,"comment_status":"closed","ping_status":"closed","template":"","meta":{"_mc_calendar":[],"footnotes":""},"class_list":["post-1083","page","type-page","status-publish","hentry"],"yoast_head":"<!-- This site is optimized with the Yoast SEO plugin v20.3 - https:\/\/yoast.com\/wordpress\/plugins\/seo\/ -->\n<title>Calendrier - Cors<\/title>\n<meta name=\"robots\" content=\"index, follow, max-snippet:-1, max-image-preview:large, max-video-preview:-1\" \/>\n<link rel=\"canonical\" href=\"https:\/\/www.corsaccords.fr\/?page_id=1083\" \/>\n<meta property=\"og:locale\" content=\"fr_FR\" \/>\n<meta property=\"og:type\" content=\"article\" \/>\n<meta property=\"og:title\" content=\"Calendrier - Cors\" \/>\n<meta property=\"og:url\" content=\"https:\/\/www.corsaccords.fr\/?page_id=1083\" \/>\n<meta property=\"og:site_name\" content=\"Cors\" \/>\n<meta property=\"article:modified_time\" content=\"2022-04-04T09:57:13+00:00\" \/>\n<meta name=\"twitter:card\" content=\"summary_large_image\" \/>\n<meta name=\"twitter:label1\" content=\"Dur\u00e9e de lecture estim\u00e9e\" \/>\n\t<meta name=\"twitter:data1\" content=\"1 minute\" \/>\n<script type=\"application\/ld+json\" class=\"yoast-schema-graph\">{\"@context\":\"https:\/\/schema.org\",\"@graph\":[{\"@type\":\"WebPage\",\"@id\":\"https:\/\/www.corsaccords.fr\/?page_id=1083\",\"url\":\"https:\/\/www.corsaccords.fr\/?page_id=1083\",\"name\":\"Calendrier - Cors\",\"isPartOf\":{\"@id\":\"https:\/\/www.corsaccords.fr\/#website\"},\"datePublished\":\"2022-03-08T15:02:24+00:00\",\"dateModified\":\"2022-04-04T09:57:13+00:00\",\"breadcrumb\":{\"@id\":\"https:\/\/www.corsaccords.fr\/?page_id=1083#breadcrumb\"},\"inLanguage\":\"fr-FR\",\"potentialAction\":[{\"@type\":\"ReadAction\",\"target\":[\"https:\/\/www.corsaccords.fr\/?page_id=1083\"]}]},{\"@type\":\"BreadcrumbList\",\"@id\":\"https:\/\/www.corsaccords.fr\/?page_id=1083#breadcrumb\",\"itemListElement\":[{\"@type\":\"ListItem\",\"position\":1,\"name\":\"Accueil\",\"item\":\"https:\/\/www.corsaccords.fr\/\"},{\"@type\":\"ListItem\",\"position\":2,\"name\":\"Calendrier\"}]},{\"@type\":\"WebSite\",\"@id\":\"https:\/\/www.corsaccords.fr\/#website\",\"url\":\"https:\/\/www.corsaccords.fr\/\",\"name\":\"Cors\",\"description\":\"Accords\",\"publisher\":{\"@id\":\"https:\/\/www.corsaccords.fr\/#organization\"},\"potentialAction\":[{\"@type\":\"SearchAction\",\"target\":{\"@type\":\"EntryPoint\",\"urlTemplate\":\"https:\/\/www.corsaccords.fr\/?s={search_term_string}\"},\"query-input\":\"required name=search_term_string\"}],\"inLanguage\":\"fr-FR\"},{\"@type\":\"Organization\",\"@id\":\"https:\/\/www.corsaccords.fr\/#organization\",\"name\":\"Cors\",\"url\":\"https:\/\/www.corsaccords.fr\/\",\"logo\":{\"@type\":\"ImageObject\",\"inLanguage\":\"fr-FR\",\"@id\":\"https:\/\/www.corsaccords.fr\/#\/schema\/logo\/image\/\",\"url\":\"https:\/\/www.corsaccords.fr\/wp-content\/uploads\/2022\/01\/cropped-cropped-cropped-cropped-cropped-cropped-cropped-cropped-CA_V2-1.png\",\"contentUrl\":\"https:\/\/www.corsaccords.fr\/wp-content\/uploads\/2022\/01\/cropped-cropped-cropped-cropped-cropped-cropped-cropped-cropped-CA_V2-1.png\",\"width\":512,\"height\":506,\"caption\":\"Cors\"},\"image\":{\"@id\":\"https:\/\/www.corsaccords.fr\/#\/schema\/logo\/image\/\"}}]}<\/script>\n<!-- \/ Yoast SEO plugin. -->","yoast_head_json":{"title":"Calendrier - Cors","robots":{"index":"index","follow":"follow","max-snippet":"max-snippet:-1","max-image-preview":"max-image-preview:large","max-video-preview":"max-video-preview:-1"},"canonical":"https:\/\/www.corsaccords.fr\/?page_id=1083","og_locale":"fr_FR","og_type":"article","og_title":"Calendrier - Cors","og_url":"https:\/\/www.corsaccords.fr\/?page_id=1083","og_site_name":"Cors","article_modified_time":"2022-04-04T09:57:13+00:00","twitter_card":"summary_large_image","twitter_misc":{"Dur\u00e9e de lecture estim\u00e9e":"1 minute"},"schema":{"@context":"https:\/\/schema.org","@graph":[{"@type":"WebPage","@id":"https:\/\/www.corsaccords.fr\/?page_id=1083","url":"https:\/\/www.corsaccords.fr\/?page_id=1083","name":"Calendrier - Cors","isPartOf":{"@id":"https:\/\/www.corsaccords.fr\/#website"},"datePublished":"2022-03-08T15:02:24+00:00","dateModified":"2022-04-04T09:57:13+00:00","breadcrumb":{"@id":"https:\/\/www.corsaccords.fr\/?page_id=1083#breadcrumb"},"inLanguage":"fr-FR","potentialAction":[{"@type":"ReadAction","target":["https:\/\/www.corsaccords.fr\/?page_id=1083"]}]},{"@type":"BreadcrumbList","@id":"https:\/\/www.corsaccords.fr\/?page_id=1083#breadcrumb","itemListElement":[{"@type":"ListItem","position":1,"name":"Accueil","item":"https:\/\/www.corsaccords.fr\/"},{"@type":"ListItem","position":2,"name":"Calendrier"}]},{"@type":"WebSite","@id":"https:\/\/www.corsaccords.fr\/#website","url":"https:\/\/www.corsaccords.fr\/","name":"Cors","description":"Accords","publisher":{"@id":"https:\/\/www.corsaccords.fr\/#organization"},"potentialAction":[{"@type":"SearchAction","target":{"@type":"EntryPoint","urlTemplate":"https:\/\/www.corsaccords.fr\/?s={search_term_string}"},"query-input":"required name=search_term_string"}],"inLanguage":"fr-FR"},{"@type":"Organization","@id":"https:\/\/www.corsaccords.fr\/#organization","name":"Cors","url":"https:\/\/www.corsaccords.fr\/","logo":{"@type":"ImageObject","inLanguage":"fr-FR","@id":"https:\/\/www.corsaccords.fr\/#\/schema\/logo\/image\/","url":"https:\/\/www.corsaccords.fr\/wp-content\/uploads\/2022\/01\/cropped-cropped-cropped-cropped-cropped-cropped-cropped-cropped-CA_V2-1.png","contentUrl":"https:\/\/www.corsaccords.fr\/wp-content\/uploads\/2022\/01\/cropped-cropped-cropped-cropped-cropped-cropped-cropped-cropped-CA_V2-1.png","width":512,"height":506,"caption":"Cors"},"image":{"@id":"https:\/\/www.corsaccords.fr\/#\/schema\/logo\/image\/"}}]}},"_links":{"self":[{"href":"https:\/\/www.corsaccords.fr\/index.php?rest_route=\/wp\/v2\/pages\/1083","targetHints":{"allow":["GET"]}}],"collection":[{"href":"https:\/\/www.corsaccords.fr\/index.php?rest_route=\/wp\/v2\/pages"}],"about":[{"href":"https:\/\/www.corsaccords.fr\/index.php?rest_route=\/wp\/v2\/types\/page"}],"author":[{"embeddable":true,"href":"https:\/\/www.corsaccords.fr\/index.php?rest_route=\/wp\/v2\/users\/1"}],"replies":[{"embeddable":true,"href":"https:\/\/www.corsaccords.fr\/index.php?rest_route=%2Fwp%2Fv2%2Fcomments&post=1083"}],"version-history":[{"count":48,"href":"https:\/\/www.corsaccords.fr\/index.php?rest_route=\/wp\/v2\/pages\/1083\/revisions"}],"predecessor-version":[{"id":2371,"href":"https:\/\/www.corsaccords.fr\/index.php?rest_route=\/wp\/v2\/pages\/1083\/revisions\/2371"}],"wp:attachment":[{"href":"https:\/\/www.corsaccords.fr\/index.php?rest_route=%2Fwp%2Fv2%2Fmedia&parent=1083"}],"curies":[{"name":"wp","href":"https:\/\/api.w.org\/{rel}","templated":true}]}}