{"id":1054,"date":"2022-03-08T14:43:29","date_gmt":"2022-03-08T14:43:29","guid":{"rendered":"https:\/\/cors.acosof.fr\/?page_id=1054"},"modified":"2022-03-11T09:23:21","modified_gmt":"2022-03-11T09:23:21","slug":"fabrication","status":"publish","type":"page","link":"https:\/\/www.corsaccords.fr\/?page_id=1054","title":{"rendered":"Origine"},"content":{"rendered":"\t\t<div data-elementor-type=\"wp-page\" data-elementor-id=\"1054\" class=\"elementor elementor-1054\">\n\t\t\t\t\t\t\t\t\t<section class=\"elementor-section elementor-top-section elementor-element elementor-element-615c0e2 elementor-section-boxed elementor-section-height-default elementor-section-height-default\" data-id=\"615c0e2\" data-element_type=\"section\">\n\t\t\t\t\t\t<div class=\"elementor-container elementor-column-gap-default\">\n\t\t\t\t\t<div class=\"elementor-column elementor-col-100 elementor-top-column elementor-element elementor-element-8cb28f6\" data-id=\"8cb28f6\" data-element_type=\"column\">\n\t\t\t<div class=\"elementor-widget-wrap elementor-element-populated\">\n\t\t\t\t\t\t\t\t<div class=\"elementor-element elementor-element-3618676 elementor-widget elementor-widget-text-editor\" data-id=\"3618676\" data-element_type=\"widget\" data-widget_type=\"text-editor.default\">\n\t\t\t\t<div class=\"elementor-widget-container\">\n\t\t\t<style>\/*! elementor - v3.11.5 - 14-03-2023 *\/\n.elementor-widget-text-editor.elementor-drop-cap-view-stacked .elementor-drop-cap{background-color:#818a91;color:#fff}.elementor-widget-text-editor.elementor-drop-cap-view-framed .elementor-drop-cap{color:#818a91;border:3px solid;background-color:transparent}.elementor-widget-text-editor:not(.elementor-drop-cap-view-default) .elementor-drop-cap{margin-top:8px}.elementor-widget-text-editor:not(.elementor-drop-cap-view-default) .elementor-drop-cap-letter{width:1em;height:1em}.elementor-widget-text-editor .elementor-drop-cap{float:left;text-align:center;line-height:1;font-size:50px}.elementor-widget-text-editor .elementor-drop-cap-letter{display:inline-block}<\/style>\t\t\t\t<p>L\u2019origine du cor des alpes est si lointaine que personne ne pourrait pr\u00e9tendre la conna\u00eetre.<\/p><p>Le cor des Alpes, trompes en bois, \u00e0 toujours \u00e9t\u00e9 utilis\u00e9 dans les r\u00e9gions montagneuses dans le monde entier. Il peut se porter jusqu\u2019\u00e0 des dizaines de kilom\u00e8tres en montagne.<\/p><p>L\u2019homme se servait de cet instrument comme moyen de communication entre les vall\u00e9es mais aussi pour guider les troupeaux.<\/p><p>Lorsque l\u2019homme a d\u00e9couvert que le vent pouvait passer dans un arbre creux abattu et provoquer diff\u00e9rents bruits, alors le cor des alpes est n\u00e9!!<\/p><p><span style=\"color: #1c1c1c;\"><span style=\"font-family: Liberation Serif, serif;\"><span style=\"font-size: medium;\"><span lang=\"fr-FR\">Jusque vers 1900, le cor des Alpes \u00e9tait fabriqu\u00e9 exclusivement avec de jeunes sapins au pied courbe, \u00e9corc\u00e9s. sci\u00e9s en deux moiti\u00e9s qu&#8217;on \u00e9vidait puis r\u00e9ajustait au moyen de liens v\u00e9g\u00e9taux Aujourd&#8217;hui, il est confectionn\u00e9 \u00e0 l&#8217;aide de plusieurs blocs de sapin, sci\u00e9s en deux et \u00e9vid\u00e9s comme autrefois \u00e0 la gouge, puis solidement envelopp\u00e9s de rotin. Le <\/span><span lang=\"de-DE\">Buchet <\/span><span lang=\"fr-FR\">est un cor des Alpes plus court, au tuyau enroul\u00e9, en forme de trompette, apparu au d\u00e9but du XIXe s. en Suisse centrale.<\/span><\/span><\/span><\/span><\/p><figure id=\"attachment_727\" aria-describedby=\"caption-attachment-727\" style=\"width: 213px\" class=\"wp-caption aligncenter\"><img loading=\"lazy\" decoding=\"async\" class=\"wp-image-727 size-full\" src=\"https:\/\/www.corsaccords.fr\/wp-content\/uploads\/2022\/03\/image-1.png\" alt=\"\" width=\"213\" height=\"218\" \/><figcaption id=\"caption-attachment-727\" class=\"wp-caption-text\">M\u00e9daille frapp\u00e9e en 1805 \u00e0 l&#8217;occasion de la premi\u00e8re f\u00eate des bergers alpins \u00e0 Unspunnen<\/figcaption><\/figure><p><span style=\"color: #1c1c1c;\"><span style=\"font-family: Liberation Serif, serif;\"><span style=\"font-size: medium;\">Lors de fouilles arch\u00e9ologiques effectu\u00e9es de 1976 \u00e0 1979 dans les ruines du ch\u00e2teau de Friedberg pr\u00e8s de Meilen, on a trouv\u00e9 un cor courbe en bois, de 60 cm de long environ, de la premi\u00e8re moiti\u00e9 du XIVe s. Un cor des Alpes est mentionn\u00e9 pour la premi\u00e8re fois en 1527, dans les comptes de l&#8217;abbaye de Saint-Urbain, et sa premi\u00e8re illustration connue figure sur un vitrail de 1595 provenant d&#8217;Adelboden. Jadis, dans toutes les r\u00e9gions alpines, sauf au Tessin, des bergers jouaient du cor des Alpes, l&#8217;\u00e9t\u00e9 pour s\u2019appeler entre eux, l&#8217;hiver pour qu\u00eater dans les rues des villes et des villages. Au XVIIIe s, l&#8217;instrument tomba dans l&#8217;oubli. Les f\u00eates alpestres d&#8217;Unspunnen (1805, 1808) le firent repara\u00eetre. La pratique en fut alors encourag\u00e9e, surtout dans le canton de Berne, mais ensuite elle fut combattue, car elle entra\u00eenait l&#8217;apparition de musiciens des rues quasi professionnels.<br \/>Ayant presque disparu, le cor des Alpes se releva encore une fois gr\u00e2ce \u00e0 l&#8217;Association f\u00e9d\u00e9rale des yodleurs fond\u00e9e en 1910. Les cours qu&#8217;elle organise contribuent \u00e0 la diffusion de l&#8217;instrument, que des amateurs pratiquent aujourd&#8217;hui dans toute la Suisse. Une normalisation de l\u2019accord permet de jouer \u00e0 deux, trois, quatre et plus. Depuis 1972, plus de cinquante \u0153uvres pour cor des Alpes et orchestre ou orgue ont \u00e9t\u00e9 \u00e9crites, entre autres par Jean D\u00e2twyler.<br \/><span lang=\"fr-FR\"><img loading=\"lazy\" decoding=\"async\" class=\"size-medium wp-image-737 aligncenter\" src=\"https:\/\/www.corsaccords.fr\/wp-content\/uploads\/2022\/03\/images2-300x180.png\" alt=\"\" width=\"300\" height=\"180\" srcset=\"https:\/\/www.corsaccords.fr\/wp-content\/uploads\/2022\/03\/images2-300x180.png 300w, https:\/\/www.corsaccords.fr\/wp-content\/uploads\/2022\/03\/images2.png 352w\" sizes=\"auto, (max-width: 300px) 100vw, 300px\" \/><\/span><\/span><\/span><\/span><\/p>\t\t\t\t\t\t<\/div>\n\t\t\t\t<\/div>\n\t\t\t\t\t<\/div>\n\t\t<\/div>\n\t\t\t\t\t\t\t<\/div>\n\t\t<\/section>\n\t\t\t\t\t\t\t<\/div>\n\t\t","protected":false},"excerpt":{"rendered":"<p>L\u2019origine du cor des alpes est si lointaine que personne ne pourrait pr\u00e9tendre la conna\u00eetre. Le cor des Alpes, trompes en bois, \u00e0 toujours \u00e9t\u00e9 utilis\u00e9 dans les r\u00e9gions montagneuses dans le monde entier. Il peut se porter jusqu\u2019\u00e0 des dizaines de kilom\u00e8tres en montagne. L\u2019homme se servait de cet instrument comme moyen de communication entre les vall\u00e9es mais aussi pour guider les troupeaux. Lorsque l\u2019homme a d\u00e9couvert que le vent pouvait passer dans un arbre creux abattu et provoquer diff\u00e9rents bruits, alors le cor des alpes est n\u00e9!! Jusque vers 1900, le cor des Alpes \u00e9tait fabriqu\u00e9 exclusivement avec de jeunes sapins au pied courbe, \u00e9corc\u00e9s. sci\u00e9s en deux moiti\u00e9s qu&#8217;on \u00e9vidait puis r\u00e9ajustait au moyen de liens v\u00e9g\u00e9taux Aujourd&#8217;hui, il est confectionn\u00e9 \u00e0 l&#8217;aide de plusieurs blocs de sapin, sci\u00e9s en deux et \u00e9vid\u00e9s comme autrefois \u00e0 la gouge, puis solidement envelopp\u00e9s de rotin. Le Buchet est un cor des Alpes plus court, au tuyau enroul\u00e9, en forme de trompette, apparu au d\u00e9but du XIXe s. en Suisse centrale. Lors de fouilles arch\u00e9ologiques effectu\u00e9es de 1976 \u00e0 1979 dans les ruines du ch\u00e2teau de Friedberg pr\u00e8s de Meilen, on a trouv\u00e9 un cor courbe en bois, de 60 cm de long environ, de la premi\u00e8re moiti\u00e9 du XIVe s. Un cor des Alpes est mentionn\u00e9 pour la premi\u00e8re fois en 1527, dans les comptes de l&#8217;abbaye de Saint-Urbain, et sa premi\u00e8re illustration connue figure sur un vitrail de 1595 provenant d&#8217;Adelboden. Jadis, dans toutes les r\u00e9gions alpines, sauf au Tessin, des bergers jouaient du cor des Alpes, l&#8217;\u00e9t\u00e9 pour s\u2019appeler entre eux, l&#8217;hiver pour qu\u00eater dans les rues des villes et des villages. Au XVIIIe s, l&#8217;instrument tomba dans l&#8217;oubli. Les f\u00eates alpestres d&#8217;Unspunnen (1805, 1808) le firent repara\u00eetre. La pratique en fut alors encourag\u00e9e, surtout dans le canton de Berne, mais ensuite elle fut combattue, car elle entra\u00eenait l&#8217;apparition de musiciens des rues quasi professionnels.Ayant presque disparu, le cor des Alpes se releva encore une fois gr\u00e2ce \u00e0 l&#8217;Association f\u00e9d\u00e9rale des yodleurs fond\u00e9e en 1910. Les cours qu&#8217;elle organise contribuent \u00e0 la diffusion de l&#8217;instrument, que des amateurs pratiquent aujourd&#8217;hui dans toute la Suisse. Une normalisation de l\u2019accord permet de jouer \u00e0 deux, trois, quatre et plus. Depuis 1972, plus de cinquante \u0153uvres pour cor des Alpes et orchestre ou orgue ont \u00e9t\u00e9 \u00e9crites, entre autres par Jean D\u00e2twyler.<\/p>\n","protected":false},"author":1,"featured_media":0,"parent":0,"menu_order":0,"comment_status":"closed","ping_status":"closed","template":"","meta":{"_mc_calendar":[],"footnotes":""},"class_list":["post-1054","page","type-page","status-publish","hentry"],"yoast_head":"<!-- This site is optimized with the Yoast SEO plugin v20.3 - https:\/\/yoast.com\/wordpress\/plugins\/seo\/ -->\n<title>Origine - Cors<\/title>\n<meta name=\"robots\" content=\"index, follow, max-snippet:-1, max-image-preview:large, max-video-preview:-1\" \/>\n<link rel=\"canonical\" href=\"https:\/\/www.corsaccords.fr\/?page_id=1054\" \/>\n<meta property=\"og:locale\" content=\"fr_FR\" \/>\n<meta property=\"og:type\" content=\"article\" \/>\n<meta property=\"og:title\" content=\"Origine - Cors\" \/>\n<meta property=\"og:description\" content=\"L\u2019origine du cor des alpes est si lointaine que personne ne pourrait pr\u00e9tendre la conna\u00eetre. Le cor des Alpes, trompes en bois, \u00e0 toujours \u00e9t\u00e9 utilis\u00e9 dans les r\u00e9gions montagneuses dans le monde entier. Il peut se porter jusqu\u2019\u00e0 des dizaines de kilom\u00e8tres en montagne. L\u2019homme se servait de cet instrument comme moyen de communication entre les vall\u00e9es mais aussi pour guider les troupeaux. Lorsque l\u2019homme a d\u00e9couvert que le vent pouvait passer dans un arbre creux abattu et provoquer diff\u00e9rents bruits, alors le cor des alpes est n\u00e9!! Jusque vers 1900, le cor des Alpes \u00e9tait fabriqu\u00e9 exclusivement avec de jeunes sapins au pied courbe, \u00e9corc\u00e9s. sci\u00e9s en deux moiti\u00e9s qu&#8217;on \u00e9vidait puis r\u00e9ajustait au moyen de liens v\u00e9g\u00e9taux Aujourd&#8217;hui, il est confectionn\u00e9 \u00e0 l&#8217;aide de plusieurs blocs de sapin, sci\u00e9s en deux et \u00e9vid\u00e9s comme autrefois \u00e0 la gouge, puis solidement envelopp\u00e9s de rotin. Le Buchet est un cor des Alpes plus court, au tuyau enroul\u00e9, en forme de trompette, apparu au d\u00e9but du XIXe s. en Suisse centrale. Lors de fouilles arch\u00e9ologiques effectu\u00e9es de 1976 \u00e0 1979 dans les ruines du ch\u00e2teau de Friedberg pr\u00e8s de Meilen, on a trouv\u00e9 un cor courbe en bois, de 60 cm de long environ, de la premi\u00e8re moiti\u00e9 du XIVe s. Un cor des Alpes est mentionn\u00e9 pour la premi\u00e8re fois en 1527, dans les comptes de l&#8217;abbaye de Saint-Urbain, et sa premi\u00e8re illustration connue figure sur un vitrail de 1595 provenant d&#8217;Adelboden. Jadis, dans toutes les r\u00e9gions alpines, sauf au Tessin, des bergers jouaient du cor des Alpes, l&#8217;\u00e9t\u00e9 pour s\u2019appeler entre eux, l&#8217;hiver pour qu\u00eater dans les rues des villes et des villages. Au XVIIIe s, l&#8217;instrument tomba dans l&#8217;oubli. Les f\u00eates alpestres d&#8217;Unspunnen (1805, 1808) le firent repara\u00eetre. La pratique en fut alors encourag\u00e9e, surtout dans le canton de Berne, mais ensuite elle fut combattue, car elle entra\u00eenait l&#8217;apparition de musiciens des rues quasi professionnels.Ayant presque disparu, le cor des Alpes se releva encore une fois gr\u00e2ce \u00e0 l&#8217;Association f\u00e9d\u00e9rale des yodleurs fond\u00e9e en 1910. Les cours qu&#8217;elle organise contribuent \u00e0 la diffusion de l&#8217;instrument, que des amateurs pratiquent aujourd&#8217;hui dans toute la Suisse. Une normalisation de l\u2019accord permet de jouer \u00e0 deux, trois, quatre et plus. Depuis 1972, plus de cinquante \u0153uvres pour cor des Alpes et orchestre ou orgue ont \u00e9t\u00e9 \u00e9crites, entre autres par Jean D\u00e2twyler.\" \/>\n<meta property=\"og:url\" content=\"https:\/\/www.corsaccords.fr\/?page_id=1054\" \/>\n<meta property=\"og:site_name\" content=\"Cors\" \/>\n<meta property=\"article:modified_time\" content=\"2022-03-11T09:23:21+00:00\" \/>\n<meta property=\"og:image\" content=\"https:\/\/www.corsaccords.fr\/wp-content\/uploads\/2022\/03\/image-1.png\" \/>\n<meta name=\"twitter:card\" content=\"summary_large_image\" \/>\n<meta name=\"twitter:label1\" content=\"Dur\u00e9e de lecture estim\u00e9e\" \/>\n\t<meta name=\"twitter:data1\" content=\"3 minutes\" \/>\n<script type=\"application\/ld+json\" class=\"yoast-schema-graph\">{\"@context\":\"https:\/\/schema.org\",\"@graph\":[{\"@type\":\"WebPage\",\"@id\":\"https:\/\/www.corsaccords.fr\/?page_id=1054\",\"url\":\"https:\/\/www.corsaccords.fr\/?page_id=1054\",\"name\":\"Origine - Cors\",\"isPartOf\":{\"@id\":\"https:\/\/www.corsaccords.fr\/#website\"},\"datePublished\":\"2022-03-08T14:43:29+00:00\",\"dateModified\":\"2022-03-11T09:23:21+00:00\",\"breadcrumb\":{\"@id\":\"https:\/\/www.corsaccords.fr\/?page_id=1054#breadcrumb\"},\"inLanguage\":\"fr-FR\",\"potentialAction\":[{\"@type\":\"ReadAction\",\"target\":[\"https:\/\/www.corsaccords.fr\/?page_id=1054\"]}]},{\"@type\":\"BreadcrumbList\",\"@id\":\"https:\/\/www.corsaccords.fr\/?page_id=1054#breadcrumb\",\"itemListElement\":[{\"@type\":\"ListItem\",\"position\":1,\"name\":\"Accueil\",\"item\":\"https:\/\/www.corsaccords.fr\/\"},{\"@type\":\"ListItem\",\"position\":2,\"name\":\"Origine\"}]},{\"@type\":\"WebSite\",\"@id\":\"https:\/\/www.corsaccords.fr\/#website\",\"url\":\"https:\/\/www.corsaccords.fr\/\",\"name\":\"Cors\",\"description\":\"Accords\",\"publisher\":{\"@id\":\"https:\/\/www.corsaccords.fr\/#organization\"},\"potentialAction\":[{\"@type\":\"SearchAction\",\"target\":{\"@type\":\"EntryPoint\",\"urlTemplate\":\"https:\/\/www.corsaccords.fr\/?s={search_term_string}\"},\"query-input\":\"required name=search_term_string\"}],\"inLanguage\":\"fr-FR\"},{\"@type\":\"Organization\",\"@id\":\"https:\/\/www.corsaccords.fr\/#organization\",\"name\":\"Cors\",\"url\":\"https:\/\/www.corsaccords.fr\/\",\"logo\":{\"@type\":\"ImageObject\",\"inLanguage\":\"fr-FR\",\"@id\":\"https:\/\/www.corsaccords.fr\/#\/schema\/logo\/image\/\",\"url\":\"https:\/\/www.corsaccords.fr\/wp-content\/uploads\/2022\/01\/cropped-cropped-cropped-cropped-cropped-cropped-cropped-cropped-CA_V2-1.png\",\"contentUrl\":\"https:\/\/www.corsaccords.fr\/wp-content\/uploads\/2022\/01\/cropped-cropped-cropped-cropped-cropped-cropped-cropped-cropped-CA_V2-1.png\",\"width\":512,\"height\":506,\"caption\":\"Cors\"},\"image\":{\"@id\":\"https:\/\/www.corsaccords.fr\/#\/schema\/logo\/image\/\"}}]}<\/script>\n<!-- \/ Yoast SEO plugin. -->","yoast_head_json":{"title":"Origine - Cors","robots":{"index":"index","follow":"follow","max-snippet":"max-snippet:-1","max-image-preview":"max-image-preview:large","max-video-preview":"max-video-preview:-1"},"canonical":"https:\/\/www.corsaccords.fr\/?page_id=1054","og_locale":"fr_FR","og_type":"article","og_title":"Origine - Cors","og_description":"L\u2019origine du cor des alpes est si lointaine que personne ne pourrait pr\u00e9tendre la conna\u00eetre. Le cor des Alpes, trompes en bois, \u00e0 toujours \u00e9t\u00e9 utilis\u00e9 dans les r\u00e9gions montagneuses dans le monde entier. Il peut se porter jusqu\u2019\u00e0 des dizaines de kilom\u00e8tres en montagne. L\u2019homme se servait de cet instrument comme moyen de communication entre les vall\u00e9es mais aussi pour guider les troupeaux. Lorsque l\u2019homme a d\u00e9couvert que le vent pouvait passer dans un arbre creux abattu et provoquer diff\u00e9rents bruits, alors le cor des alpes est n\u00e9!! Jusque vers 1900, le cor des Alpes \u00e9tait fabriqu\u00e9 exclusivement avec de jeunes sapins au pied courbe, \u00e9corc\u00e9s. sci\u00e9s en deux moiti\u00e9s qu&#8217;on \u00e9vidait puis r\u00e9ajustait au moyen de liens v\u00e9g\u00e9taux Aujourd&#8217;hui, il est confectionn\u00e9 \u00e0 l&#8217;aide de plusieurs blocs de sapin, sci\u00e9s en deux et \u00e9vid\u00e9s comme autrefois \u00e0 la gouge, puis solidement envelopp\u00e9s de rotin. Le Buchet est un cor des Alpes plus court, au tuyau enroul\u00e9, en forme de trompette, apparu au d\u00e9but du XIXe s. en Suisse centrale. Lors de fouilles arch\u00e9ologiques effectu\u00e9es de 1976 \u00e0 1979 dans les ruines du ch\u00e2teau de Friedberg pr\u00e8s de Meilen, on a trouv\u00e9 un cor courbe en bois, de 60 cm de long environ, de la premi\u00e8re moiti\u00e9 du XIVe s. Un cor des Alpes est mentionn\u00e9 pour la premi\u00e8re fois en 1527, dans les comptes de l&#8217;abbaye de Saint-Urbain, et sa premi\u00e8re illustration connue figure sur un vitrail de 1595 provenant d&#8217;Adelboden. Jadis, dans toutes les r\u00e9gions alpines, sauf au Tessin, des bergers jouaient du cor des Alpes, l&#8217;\u00e9t\u00e9 pour s\u2019appeler entre eux, l&#8217;hiver pour qu\u00eater dans les rues des villes et des villages. Au XVIIIe s, l&#8217;instrument tomba dans l&#8217;oubli. Les f\u00eates alpestres d&#8217;Unspunnen (1805, 1808) le firent repara\u00eetre. La pratique en fut alors encourag\u00e9e, surtout dans le canton de Berne, mais ensuite elle fut combattue, car elle entra\u00eenait l&#8217;apparition de musiciens des rues quasi professionnels.Ayant presque disparu, le cor des Alpes se releva encore une fois gr\u00e2ce \u00e0 l&#8217;Association f\u00e9d\u00e9rale des yodleurs fond\u00e9e en 1910. Les cours qu&#8217;elle organise contribuent \u00e0 la diffusion de l&#8217;instrument, que des amateurs pratiquent aujourd&#8217;hui dans toute la Suisse. Une normalisation de l\u2019accord permet de jouer \u00e0 deux, trois, quatre et plus. Depuis 1972, plus de cinquante \u0153uvres pour cor des Alpes et orchestre ou orgue ont \u00e9t\u00e9 \u00e9crites, entre autres par Jean D\u00e2twyler.","og_url":"https:\/\/www.corsaccords.fr\/?page_id=1054","og_site_name":"Cors","article_modified_time":"2022-03-11T09:23:21+00:00","og_image":[{"url":"https:\/\/www.corsaccords.fr\/wp-content\/uploads\/2022\/03\/image-1.png"}],"twitter_card":"summary_large_image","twitter_misc":{"Dur\u00e9e de lecture estim\u00e9e":"3 minutes"},"schema":{"@context":"https:\/\/schema.org","@graph":[{"@type":"WebPage","@id":"https:\/\/www.corsaccords.fr\/?page_id=1054","url":"https:\/\/www.corsaccords.fr\/?page_id=1054","name":"Origine - Cors","isPartOf":{"@id":"https:\/\/www.corsaccords.fr\/#website"},"datePublished":"2022-03-08T14:43:29+00:00","dateModified":"2022-03-11T09:23:21+00:00","breadcrumb":{"@id":"https:\/\/www.corsaccords.fr\/?page_id=1054#breadcrumb"},"inLanguage":"fr-FR","potentialAction":[{"@type":"ReadAction","target":["https:\/\/www.corsaccords.fr\/?page_id=1054"]}]},{"@type":"BreadcrumbList","@id":"https:\/\/www.corsaccords.fr\/?page_id=1054#breadcrumb","itemListElement":[{"@type":"ListItem","position":1,"name":"Accueil","item":"https:\/\/www.corsaccords.fr\/"},{"@type":"ListItem","position":2,"name":"Origine"}]},{"@type":"WebSite","@id":"https:\/\/www.corsaccords.fr\/#website","url":"https:\/\/www.corsaccords.fr\/","name":"Cors","description":"Accords","publisher":{"@id":"https:\/\/www.corsaccords.fr\/#organization"},"potentialAction":[{"@type":"SearchAction","target":{"@type":"EntryPoint","urlTemplate":"https:\/\/www.corsaccords.fr\/?s={search_term_string}"},"query-input":"required name=search_term_string"}],"inLanguage":"fr-FR"},{"@type":"Organization","@id":"https:\/\/www.corsaccords.fr\/#organization","name":"Cors","url":"https:\/\/www.corsaccords.fr\/","logo":{"@type":"ImageObject","inLanguage":"fr-FR","@id":"https:\/\/www.corsaccords.fr\/#\/schema\/logo\/image\/","url":"https:\/\/www.corsaccords.fr\/wp-content\/uploads\/2022\/01\/cropped-cropped-cropped-cropped-cropped-cropped-cropped-cropped-CA_V2-1.png","contentUrl":"https:\/\/www.corsaccords.fr\/wp-content\/uploads\/2022\/01\/cropped-cropped-cropped-cropped-cropped-cropped-cropped-cropped-CA_V2-1.png","width":512,"height":506,"caption":"Cors"},"image":{"@id":"https:\/\/www.corsaccords.fr\/#\/schema\/logo\/image\/"}}]}},"_links":{"self":[{"href":"https:\/\/www.corsaccords.fr\/index.php?rest_route=\/wp\/v2\/pages\/1054","targetHints":{"allow":["GET"]}}],"collection":[{"href":"https:\/\/www.corsaccords.fr\/index.php?rest_route=\/wp\/v2\/pages"}],"about":[{"href":"https:\/\/www.corsaccords.fr\/index.php?rest_route=\/wp\/v2\/types\/page"}],"author":[{"embeddable":true,"href":"https:\/\/www.corsaccords.fr\/index.php?rest_route=\/wp\/v2\/users\/1"}],"replies":[{"embeddable":true,"href":"https:\/\/www.corsaccords.fr\/index.php?rest_route=%2Fwp%2Fv2%2Fcomments&post=1054"}],"version-history":[{"count":23,"href":"https:\/\/www.corsaccords.fr\/index.php?rest_route=\/wp\/v2\/pages\/1054\/revisions"}],"predecessor-version":[{"id":1893,"href":"https:\/\/www.corsaccords.fr\/index.php?rest_route=\/wp\/v2\/pages\/1054\/revisions\/1893"}],"wp:attachment":[{"href":"https:\/\/www.corsaccords.fr\/index.php?rest_route=%2Fwp%2Fv2%2Fmedia&parent=1054"}],"curies":[{"name":"wp","href":"https:\/\/api.w.org\/{rel}","templated":true}]}}